{"id":1213,"date":"2016-06-19T23:25:19","date_gmt":"2016-06-19T22:25:19","guid":{"rendered":"http:\/\/oudoubice.cz\/?page_id=1213"},"modified":"2026-02-23T16:35:34","modified_gmt":"2026-02-23T15:35:34","slug":"ekonomika","status":"publish","type":"page","link":"https:\/\/oudoubice.cz\/index.php\/ekonomika\/","title":{"rendered":"Ekonomika"},"content":{"rendered":"<h2 style=\"text-align: center;\"><strong>Bankovn\u00ed spojen\u00ed: \u010cSOB, \u010d\u00edslo \u00fa\u010dtu: <\/strong>101030436\/0300<\/h2>\n<p style=\"text-align: center;\">P\u0159i bezhotovostn\u00edm platebn\u00edm styku pros\u00edm, abyste jako variabiln\u00ed symbol uv\u00e1d\u011bli popisn\u00e9 nebo eviden\u010dn\u00ed \u010d\u00edslo svoj\u00ed nemovitosti, abychom byli schopni platbu spr\u00e1vn\u011b p\u0159i\u0159adit.<\/p>\n<h1><a href=\"https:\/\/rozpocet.alis.cz\/47274212\/2021\"><strong>K L I K A C \u00cd\u00a0 R O Z P O \u010c E T\u00a0 OBCE DOUBICE<\/strong><\/a><\/h1>\n<p><strong>Rozpo\u010det obce Doubice: <a href=\"https:\/\/oudoubice.cz\/wp-content\/uploads\/2025\/11\/Rozpocet_seskupeny-2026.pdf\">2026<\/a><\/strong> (schv\u00e1len dne 24.11.2025 na 30. zased\u00e1n\u00ed ZO Doubice)<\/p>\n<p><a href=\"https:\/\/oudoubice.cz\/wp-content\/uploads\/2026\/02\/Rozpoctove_zmeny_s_duvodovou_zpravou-7-2025-o.pdf\">Rozpo\u010dtov\u00e1 zm\u011bna \u010d.7\/2025<\/a> (schv\u00e1len\u00e1 starostou p\u0159ed koncem roku 2025 a projedn\u00e1na dne 02.02.2026 na 32.zased\u00e1n\u00ed zastupitelstva obce Doubice)<\/p>\n<p><a href=\"https:\/\/oudoubice.cz\/wp-content\/uploads\/2025\/12\/Rozpoctove_zmeny_s_duvodovou_zpravou-6-2025-schvalene.pdf\">Rozpo\u010dtov\u00e1 zm\u011bna \u010d.06\/2025<\/a> (schv\u00e1len\u00e1 dne 15.12.2025 na 31. zased\u00e1n\u00ed ZO Doubice)<\/p>\n<p><a href=\"https:\/\/oudoubice.cz\/wp-content\/uploads\/2025\/11\/Rozpoctove_zmeny_s_duvodovou_zpravou-5-25.pdf\">Rozpo\u010dtov\u00e1 zm\u011bna \u010d.05\/2025<\/a> (schv\u00e1len\u00e1 dne 24.11.2025 na 30. zased\u00e1n\u00ed ZO Doubice)<\/p>\n<p><a href=\"https:\/\/oudoubice.cz\/wp-content\/uploads\/2025\/10\/Rozpoctove_zmeny_s_duvodovou_zpravou-4-2025.pdf\">Rozpo\u010dtov\u00e1 zm\u011bna \u010d.04\/2025<\/a> (schv\u00e1len\u00e1 dne 20.10.2025 na 29. zased\u00e1n\u00ed ZO Doubice)<\/p>\n<p><a href=\"https:\/\/oudoubice.cz\/wp-content\/uploads\/2025\/09\/Rozpoctove_zmeny_s_duvodovou_zpravou-3.pdf\">Rozpo\u010dtov\u00e1 zm\u011bna \u010d.03\/2025<\/a> (schv\u00e1len\u00e1 dne 22.09.2025 na 28. zased\u00e1n\u00ed ZO Doubice)<\/p>\n<p><a href=\"https:\/\/oudoubice.cz\/wp-content\/uploads\/2025\/05\/Rozpoctove_zmeny_s_duvodovou_zpravou-2-2025-schvalena.pdf\">Rozpo\u010dtov\u00e1 zm\u011bna \u010d.02\/2025<\/a> (schv\u00e1len\u00e1 dne 26.05.2025 na 26. zased\u00e1n\u00ed ZO Doubice)<\/p>\n<p><a href=\"https:\/\/oudoubice.cz\/wp-content\/uploads\/2025\/04\/Rozpoctove_zmeny_s_duvodovou_zpravou-1-schvalena.pdf\">Rozpo\u010dtov\u00e1 zm\u011bna \u010d.01\/2025<\/a> (schv\u00e1lena dne 24.03.2025 na 24. zased\u00e1n\u00ed ZO Doubice)<\/p>\n<p><strong>Rozpo\u010det obce Doubice: <a href=\"https:\/\/oudoubice.cz\/wp-content\/uploads\/2024\/11\/Rozpocet_seskupeny-2025-SCHVALENY.pdf\">2025<\/a><\/strong> (schv\u00e1len dne 25.11.2024 na 21. zased\u00e1n\u00ed ZO Doubice)<\/p>\n<p><a href=\"https:\/\/oudoubice.cz\/wp-content\/uploads\/2025\/02\/Rozpoctove_zmeny_s_duvodovou_zpravou6-2024.pdf\">Rozpo\u010dtov\u00e1 zm\u011bna \u010d.06\/2024<\/a> (schv\u00e1len\u00e1 starostou obce p\u0159ed koncem roku 2024 a projedn\u00e1na dne 27.01.2025 na 22. zased\u00e1n\u00ed ZO Doubice)<\/p>\n<p><a href=\"https:\/\/oudoubice.cz\/wp-content\/uploads\/2024\/11\/Rozpoctove_zmeny_s_duvodovou_zpravou-5-2024.pdf\">Rozpo\u010dtov\u00e1 zm\u011bna \u010d.05\/2024<\/a> (schv\u00e1len\u00e1 dne 25.11.2024 na 21. zased\u00e1n\u00ed ZO Doubice)<\/p>\n<p><a href=\"https:\/\/oudoubice.cz\/wp-content\/uploads\/2024\/09\/Rozpoctove_zmeny_s_duvodovou_zpravou-4-2024.pdf\">Rozpo\u010dtov\u00e1 zm\u011bna \u010d.04\/2024<\/a> (schv\u00e1len\u00e1 dne 23.09.2024 na 19. zased\u00e1n\u00ed ZO Doubice)<\/p>\n<p><a href=\"https:\/\/oudoubice.cz\/wp-content\/uploads\/2024\/06\/Rozpoctove_zmeny_s_duvodovou_zpravou-3.pdf\">Rozpo\u010dtov\u00e1 zm\u011bna \u010d.03\/2024<\/a> (schv\u00e1len\u00e1 dne 24.06.2024 na 18. zased\u00e1n\u00ed ZO Doubice)<\/p>\n<p><a href=\"https:\/\/oudoubice.cz\/wp-content\/uploads\/2024\/06\/Rozpoctove_zmeny_s_duvodovou_zpravou-2.pdf\">Rozpo\u010dtov\u00e1 zm\u011bna \u010d.02\/2024<\/a> (schv\u00e1lena dne 27.05.2024 na 17. zased\u00e1n\u00ed ZO Doubice)<\/p>\n<p><a href=\"https:\/\/oudoubice.cz\/wp-content\/uploads\/2024\/03\/Rozpoctove_zmeny_s_duvodovou_zpravou-schvalena-1.pdf\">Rozpo\u010dtov\u00e1 zm\u011bna \u010d.01\/2024<\/a> (schv\u00e1lena dne 25.03.2024 na 15. zased\u00e1n\u00ed ZO Doubice)<\/p>\n<p><strong>Rozpo\u010det obce Doubice:<\/strong> <strong><a href=\"https:\/\/oudoubice.cz\/wp-content\/uploads\/2023\/11\/Rozpocet_seskupeny-schvaleny-2024-1.pdf\">2024<\/a><\/strong> (schv\u00e1len dne 20.11.2023 na 11. zased\u00e1n\u00ed ZO Doubice)<\/p>\n<p><a href=\"https:\/\/oudoubice.cz\/wp-content\/uploads\/2024\/02\/rozpoctova-zmena-8_2023.pdf\">Rozpo\u010dtov\u00e1 zm\u011bna \u010d.08\/2023<\/a> (provedena starostou obce p\u0159ed koncem roku 2023 a projedn\u00e1na dne 29.01.2024 na 13. zased\u00e1n\u00ed ZO Doubice)<\/p>\n<p><a href=\"https:\/\/oudoubice.cz\/wp-content\/uploads\/2023\/12\/Rozpoctove_zmeny_s_duvodovou_zpravou-7-2023.pdf\">Rozpo\u010dtov\u00e1 zm\u011bna \u010d.07\/2023<\/a> (schv\u00e1len\u00e1 dne 18.12.2023 na 12. zased\u00e1n\u00ed ZO Doubice)<\/p>\n<p><a href=\"https:\/\/oudoubice.cz\/wp-content\/uploads\/2023\/11\/Rozpoctove_zmeny_s_duvodovou_zpravou-6-2023.pdf\">Rozpo\u010dtov\u00e1 zm\u011bna \u010d.06\/2023<\/a> (schv\u00e1len\u00e1 dne 20.11.2023 na 11. zased\u00e1n\u00ed ZO Doubice)<\/p>\n<p><a href=\"https:\/\/oudoubice.cz\/wp-content\/uploads\/2023\/10\/Rozpoctove_zmeny_s_duvodovou_zpravou-5.pdf\">Rozpo\u010dtov\u00e1 zm\u011bna \u010d.05\/2023<\/a> (schv\u00e1len\u00e1 dne 23.10.2023 na 10. zased\u00e1n\u00ed ZO Doubice)<\/p>\n<p><a href=\"https:\/\/oudoubice.cz\/wp-content\/uploads\/2023\/10\/Schvalena-rozpoctova-zmena-c.-4.pdf\">Rozpo\u010dtov\u00e1 zm\u011bna \u010d.04\/2023<\/a> (schv\u00e1len\u00e1 dne 25.09.2023 na 09. zased\u00e1n\u00ed ZO Doubice)<\/p>\n<p><a href=\"https:\/\/oudoubice.cz\/wp-content\/uploads\/2023\/06\/Rozpoctova_zmena-3-2023.pdf\">Rozpo\u010dtov\u00e1 zm\u011bna \u010d.3\/2023<\/a> (schv\u00e1len\u00e1 dne 26.06.2023 na 08. zased\u00e1n\u00ed ZO Doubice)<\/p>\n<p><a href=\"https:\/\/oudoubice.cz\/wp-content\/uploads\/2023\/05\/Rozpoctove_zmeny_s_duvodovou_zpravou-2-2023-schvalena.pdf\">Rozpo\u010dtov\u00e1 zm\u011bna \u010d.2\/2023<\/a> (schv\u00e1len\u00e1 dne 22.05.2023 na 07. zased\u00e1n\u00ed ZO Doubice<\/p>\n<p><a href=\"https:\/\/oudoubice.cz\/wp-content\/uploads\/2023\/03\/Rozpoctove_zmeny_s_duvodovou_zpravou-1-27.3.2023.pdf\">Rozpo\u010dtov\u00e1 zm\u011bna \u010d.1\/2023<\/a> (schv\u00e1len\u00e1 dne 27.3.2023 na 05. zased\u00e1n\u00ed ZO Doubice)<\/p>\n<p><strong>Rozpo\u010det obce Doubice: <a href=\"https:\/\/oudoubice.cz\/wp-content\/uploads\/2022\/12\/Rozpocet_seskupeny-2023.pdf\">2023<\/a><\/strong> (schv\u00e1len dne 12.12.2022 na 02.zased\u00e1n\u00ed ZO Doubice)<\/p>\n<p><a href=\"https:\/\/oudoubice.cz\/wp-content\/uploads\/2023\/02\/rozpoctova-zmena-07-2023.pdf\">Rozpo\u010dtov\u00e1 zm\u011bna \u010d.7\/2022<\/a> (provedena starostou obce p\u0159ed koncem roku 2022 a proedn\u00e1na dne 30.01.2023 na 03. zased\u00e1n\u00ed ZO Doubice)<\/p>\n<p><a href=\"https:\/\/oudoubice.cz\/wp-content\/uploads\/2022\/12\/Rozpoctove_zmeny_s_duvodovou_zpravou-6..pdf\">Rozpo\u010dtov\u00e1 zm\u011bna \u010d.6\/2022<\/a> (schv\u00e1len\u00e1 dne 12.12.2022 na 02. zased\u00e1n\u00ed ZO Doubice)<\/p>\n<p><a href=\"https:\/\/oudoubice.cz\/wp-content\/uploads\/2022\/11\/Rozpoctova-zmena-5-2022.pdf\">Rozpo\u010dtov\u00e1 zm\u011bna \u010d.5\/2022<\/a> (schv\u00e1len\u00e1 dne 14.11.2022 na 01. zased\u00e1n\u00ed ZO Doubice)<\/p>\n<p><a href=\"https:\/\/oudoubice.cz\/wp-content\/uploads\/2022\/09\/Rozpoctova-zmena-4.pdf\">Rozpo\u010dtov\u00e1 zm\u011bna \u010d.4\/2022<\/a> (schv\u00e1len\u00e1 dne 12.09.2022 na 34.zased\u00e1n\u00ed ZO Doubice)<\/p>\n<p><a href=\"https:\/\/oudoubice.cz\/wp-content\/uploads\/2022\/06\/Rozpoctova-zmena-3-2022.pdf\">Rozpo\u010dtov\u00e1 zm\u011bna \u010d.3\/2022<\/a> (schv\u00e1len\u00e1 dne 30.05.2022 na 32. zased\u00e1n\u00ed ZO Doubice)<\/p>\n<p><a href=\"https:\/\/oudoubice.cz\/wp-content\/uploads\/2022\/04\/Schvalene-rozpoctove-opatreni-2-2022.pdf\">Rozpo\u010dtov\u00e1 zm\u011bna \u010d.2\/2022<\/a> (schv\u00e1len\u00e1 dne 25.04.2022 na 31. zased\u00e1n\u00ed ZO Doubice)<\/p>\n<p><a href=\"https:\/\/oudoubice.cz\/wp-content\/uploads\/2022\/03\/Schvalene-rozpoctove-opatreni-c.-1-2022.pdf\">Rozpo\u010dtov\u00e1 zm\u011bna \u010d.1\/2022<\/a> (schv\u00e1len\u00e1 dne 28.02.2022 na 29. zased\u00e1n\u00ed ZO Doubice)<\/p>\n<p><strong>Rozpo\u010det obce Doubice: <a href=\"https:\/\/oudoubice.cz\/wp-content\/uploads\/2021\/11\/Schvaleny-rozpocet-2022-seskupeny.pdf\">2022<\/a><\/strong> (schv\u00e1len dne 22.11.2021 na 27. zased\u00e1n\u00ed ZO Doubice)<\/p>\n<p><a href=\"https:\/\/oudoubice.cz\/wp-content\/uploads\/2022\/01\/rozpoctova-zmena-6-2021.pdf\">Rozpo\u010dtov\u00e1 zm\u011bna \u010d.6\/2021<\/a> (provedena starostou obce p\u0159ed koncem roku 2021 a projedn\u00e1na dne 24.01.2022 na 28. zased\u00e1n\u00ed ZO Doubice)<\/p>\n<p><a href=\"https:\/\/oudoubice.cz\/wp-content\/uploads\/2021\/11\/Schvalene-rozpoctove-opatreni-c.-5-2021.pdf\">Rozpo\u010dtov\u00e1 zm\u011bna \u010d.5\/2021<\/a> (schv\u00e1len\u00e1 dne 22.11.2021 na 27.zased\u00e1n\u00ed ZO Doubice)<\/p>\n<p><a href=\"https:\/\/oudoubice.cz\/wp-content\/uploads\/2021\/10\/rozpoctova-zmena-4-2021.pdf\">Rozpo\u010dtov\u00e1 zm\u011bna \u010d.4\/2021<\/a> (schv\u00e1len\u00e1 dne 25.10.2021 na 26. zased\u00e1n\u00ed ZO Doubice)<\/p>\n<p><a href=\"https:\/\/oudoubice.cz\/wp-content\/uploads\/2021\/09\/Rozpoctova-zmena-3-2021.pdf\">Rozpo\u010dtov\u00e1 zm\u011bna \u010d.3\/2021<\/a> (schv\u00e1len\u00e1 dne 20.09.2021 na 25. zased\u00e1n\u00ed ZO Doubice)<\/p>\n<p><a href=\"http:\/\/oudoubice.cz\/wp-content\/uploads\/2021\/06\/Rozpoctova-zmena-2-2021-schv.pdf\">Rozpo\u010dtov\u00e1 zm\u011bna \u010d.2\/2021<\/a> (schv\u00e1len\u00e1 dne 14.06.2021 na 24. zased\u00e1n\u00ed ZO Doubice<\/p>\n<p><a href=\"http:\/\/oudoubice.cz\/wp-content\/uploads\/2021\/05\/Rozpoctova-zmena-1-2021.pdf\">Rozpo\u010dtov\u00e1 zm\u011bna \u010d.1\/2021<\/a> (schv\u00e1len\u00e1 dne 10.05.2021 na 23. zased\u00e1n\u00ed ZO Doubice)<\/p>\n<p><strong>Rozpo\u010det obce Doubice<\/strong>: <a href=\"http:\/\/oudoubice.cz\/wp-content\/uploads\/2020\/11\/Schv\u00e1len\u00fd-rozpo\u010det-2021-seskupen\u00fd.pdf\"><strong>2021<\/strong><\/a> (schv\u00e1len dne 23.11.2020 na 20. zased\u00e1n\u00ed ZO Doubice)<\/p>\n<p><a href=\"http:\/\/oudoubice.cz\/wp-content\/uploads\/2021\/05\/Schvalene-rozpoctove-opatreni-c.-6-2020.pdf\">Rozpo\u010dtov\u00e1 zm\u011bna \u010d.6\/2020<\/a> (provedena starostou obce p\u0159ed koncem roku 2020 a projedn\u00e1na dne 18.01.2021 na 21. zased\u00e1n\u00ed ZO Doubice)<\/p>\n<p><a href=\"http:\/\/oudoubice.cz\/wp-content\/uploads\/2020\/11\/Rozpo\u010dtov\u00e1-zm\u011bna-5-2020.pdf\">Rozpo\u010dtov\u00e1 zm\u011bna \u010d.5\/2020<\/a><\/p>\n<p><a href=\"http:\/\/oudoubice.cz\/wp-content\/uploads\/2020\/10\/Rozpo\u010dtov\u00e1-zm\u011bna-4-2020.pdf\">Rozpo\u010dtov\u00e1 zm\u011bna \u010d.4\/2020<\/a><\/p>\n<p><a href=\"http:\/\/oudoubice.cz\/wp-content\/uploads\/2020\/09\/Rozpo\u010dtov\u00e1-zm\u011bna-\u010d-3-2020.pdf\">Rozpo\u010dtov\u00e1 zm\u011bna \u010d.3\/2020<\/a><\/p>\n<p><a href=\"http:\/\/oudoubice.cz\/wp-content\/uploads\/2020\/06\/rozpoctova-zmena-02-2020.pdf\">Rozpo\u010dtov\u00e1 zm\u011bna \u010d.2\/2020<\/a><\/p>\n<p><a href=\"http:\/\/oudoubice.cz\/wp-content\/uploads\/2020\/04\/rozpoctova-zmena-01-2020-1.pdf\">Rozpo\u010dtov\u00e1 zm\u011bna \u010d.1\/2020<\/a><\/p>\n<p><strong>Rozpo\u010det obce Doubice<\/strong>: <a href=\"http:\/\/oudoubice.cz\/wp-content\/uploads\/2019\/12\/Rozpo\u010det-paragrafov\u00fd-2020.pdf\"><strong>2020<\/strong><\/a> (schv\u00e1len dne 09.12.2019 na 13. zased\u00e1n\u00ed ZO Doubice)<\/p>\n<p>Rozpo\u010dtov\u00e1 zm\u011bna <a href=\"http:\/\/oudoubice.cz\/wp-content\/uploads\/2020\/01\/rozpoctova-zmena-05-2019.pdf\">\u010d.5\/2019<\/a> (provedena starostou obce p\u0159ed koncem roku 2019 a projedn\u00e1na dne 20.01.2020 na 14. zased\u00e1n\u00ed ZO Doubice)<\/p>\n<p>Rozpo\u010dtov\u00e1 zm\u011bna <a href=\"http:\/\/oudoubice.cz\/wp-content\/uploads\/2019\/12\/Rozpoctova-zmena-c-04-2019.pdf\">\u010d.4\/2019<\/a> (schv\u00e1lena dne 09.12.2019 na 13. zased\u00e1n\u00ed ZO Doubice)<\/p>\n<p>Rozpo\u010dtov\u00e1 zm\u011bna <a href=\"http:\/\/oudoubice.cz\/wp-content\/uploads\/2019\/10\/rozpoctova-zmena-03-2019.pdf\">\u010d.3\/2019<\/a> (schv\u00e1lena dne 14.10.2019 na 11. zased\u00e1n\u00ed ZO Doubice)<\/p>\n<p>Rozpo\u010dtov\u00e1 zm\u011bna <a href=\"http:\/\/oudoubice.cz\/wp-content\/uploads\/2019\/10\/rozpoctova-zmena-02-20191.pdf\">\u010d.2\/2019<\/a> (schv\u00e1lena dne 12.07.2019)<\/p>\n<p>Rozpo\u010dtov\u00e1 zm\u011bna <a href=\"http:\/\/oudoubice.cz\/wp-content\/uploads\/2019\/05\/Rozpoctova-zmena-c-01-2019.pdf\">\u010d.1\/2019<\/a> (schv\u00e1lena dne 06.05.2019 na 7. zased\u00e1n\u00ed ZO Doubice)<\/p>\n<p><strong>Rozpo\u010det obce Doubice:<\/strong> <a href=\"http:\/\/oudoubice.cz\/wp-content\/uploads\/2018\/12\/rozpocet-obce-Doubice-2019-schvaleny.pdf\">2019<\/a> (schv\u00e1len dne 17.12.2018 na 3. zased\u00e1n\u00ed ZO Doubice)<\/p>\n<p>Rozpo\u010dtov\u00e1 zm\u011bna <a href=\"http:\/\/oudoubice.cz\/wp-content\/uploads\/2019\/04\/Rozpoctova-zmena-c-07-2018-1.pdf\">\u010d.7\/2018<\/a> (provedena\u00a0starostou obce p\u0159ed koncem roku 2018 a projedn\u00e1na dne 14.01.2019 na 4. zased\u00e1n\u00ed ZO Doubice)<\/p>\n<p>Rozpo\u010dtov\u00e1 zm\u011bna <a href=\"http:\/\/oudoubice.cz\/wp-content\/uploads\/2018\/12\/rozpoctova-zmena-06-2018.pdf\">\u010d.6\/2018<\/a> (schv\u00e1lena dne 17.12.2018 na 3. zased\u00e1n\u00ed ZO Doubice)<\/p>\n<p>Rozpo\u010dtov\u00e1 zm\u011bna <a href=\"http:\/\/oudoubice.cz\/wp-content\/uploads\/2018\/11\/Rozpoctova-zmena-c-05-2018.pdf\">\u010d.5\/2018<\/a> (schv\u00e1lena dne 12.11.2018 na 1. zased\u00e1n\u00ed ZO Doubice)<\/p>\n<p>Rozpo\u010dtov\u00e1 zm\u011bna <a href=\"http:\/\/oudoubice.cz\/wp-content\/uploads\/2018\/09\/rozpoctova-zmena-04-2018.pdf\">\u010d.4\/2018<\/a> (schv\u00e1lena dne 10.09.2018 na 35. zased\u00e1n\u00ed ZO Doubice)<\/p>\n<p>Rozpo\u010dtov\u00e1 zm\u011bna <a href=\"http:\/\/oudoubice.cz\/wp-content\/uploads\/2018\/06\/rozpoctova-zmena-03-2018.pdf\">\u010d.3\/2018<\/a> (schv\u00e1lena dne 25.06.2018 na 34. zased\u00e1n\u00ed ZO Doubice)<\/p>\n<p>Rozpo\u010dtov\u00e1 zm\u011bna <a href=\"http:\/\/oudoubice.cz\/wp-content\/uploads\/2018\/05\/Rozpoctova-zmena-c-02-2018.pdf\">\u010d.2\/2018<\/a> (schv\u00e1lena dne 21.05.2018 na 33. zased\u00e1n\u00ed ZO Doubice)<\/p>\n<p>Rozpo\u010dtov\u00e1 zm\u011bna <a href=\"http:\/\/oudoubice.cz\/wp-content\/uploads\/2018\/03\/Rozpoctova-zmena-c-01-2018.pdf\">\u010d.1\/2018<\/a> (schv\u00e1lena dne 12.03.2018 na 31. zased\u00e1n\u00ed ZO Doubice)<\/p>\n<p><strong>Rozpo\u010det obce Doubice: <a href=\"http:\/\/oudoubice.cz\/wp-content\/uploads\/2016\/06\/rozpo\u010det-obce-Doubice-na-rok-2018-schv\u00e1len\u00fd.pdf\">2018<\/a><\/strong> (schv\u00e1len dne 20.11.2017 na 28. zased\u00e1n\u00ed ZO Doubice)<\/p>\n<p>Rozpo\u010dtov\u00e1 zm\u011bna \u010d.<a href=\"http:\/\/oudoubice.cz\/wp-content\/uploads\/2018\/02\/02-2018-rozp-zmena-07-2017.pdf\">7\/2017<\/a> (schv\u00e1lena starostou obce p\u0159ed koncem roku 2017\u00a0a projedn\u00e1na dne 05.02.2018\u00a0na 30. zased\u00e1n\u00ed ZO Doubice)<\/p>\n<p>Rozpo\u010dtov\u00e1 zm\u011bna \u010d.<a href=\"http:\/\/oudoubice.cz\/wp-content\/uploads\/2017\/12\/Rozpoctova-zmena-c-06-2017.pdf\">6\/2017<\/a> (schv\u00e1lena dne 18.12.2017 na 29. zased\u00e1n\u00ed ZO Doubice)<\/p>\n<p>Rozpo\u010dtov\u00e1 zm\u011bna \u010d.<a href=\"http:\/\/oudoubice.cz\/wp-content\/uploads\/2017\/11\/Rozpoctova-zmena-c-05-2017.pdf\">5\/2017 <\/a>(schv\u00e1lena dne 20.11.2017 na 28. zased\u00e1n\u00ed ZO Doubice)<\/p>\n<p>Rozpo\u010dtov\u00e1 zm\u011bna \u010d.<a href=\"http:\/\/oudoubice.cz\/wp-content\/uploads\/2017\/09\/Rozpoctova-zmena-c-04-2017.pdf\">4\/2017<\/a> (schv\u00e1lena dne 25.09.2017 na 26. zased\u00e1n\u00ed ZO Doubice)<\/p>\n<p>Rozpo\u010dtov\u00e1 zm\u011bna \u010d.<a href=\"http:\/\/oudoubice.cz\/wp-content\/uploads\/2017\/06\/rozpoctova-zmena-3-2017.pdf\">3\/2017<\/a> (schv\u00e1lena dne 19.06.2017 na 24. zased\u00e1n\u00ed ZO Doubice)<\/p>\n<p>Rozpo\u010dtov\u00e1 zm\u011bna \u010d.<a href=\"http:\/\/oudoubice.cz\/wp-content\/uploads\/2016\/05\/bod-05-roz\u00fapoctova-zmena-\u010d.2-2017.pdf\">2\/2017 <\/a>(schv\u00e1lena dne 22.05.2017 na 23. zased\u00e1n\u00ed ZO Doubice)<\/p>\n<p>Rozpo\u010dtov\u00e1 zm\u011bna \u010d.<a href=\"http:\/\/oudoubice.cz\/wp-content\/uploads\/2016\/05\/rozpo\u010dtov\u00e1-zm\u011bna-01-2017.pdf\">1\/2017<\/a> (schv\u00e1lena dne 24.04.2017 na 22. zased\u00e1n\u00ed ZO Doubice)<\/p>\n<p><strong>Rozpo\u010det obce Doubice<\/strong>: <a href=\"http:\/\/oudoubice.cz\/wp-content\/uploads\/2016\/05\/rozpocet-obce-Doubice-2017-schvaleny.pdf\">2017<\/a> (schv\u00e1len dne 12.12.2016 na 19. zased\u00e1n\u00ed ZO Doubice)<\/p>\n<p><strong>Rozpo\u010det obce Doubice<\/strong>: <a href=\"http:\/\/oudoubice.cz\/wp-content\/uploads\/2016\/05\/rozpocet_obce_Doubice_2016_navrh.pdf\">2016<\/a>( schv\u00e1len dne 14.12.2015 na 8.zased\u00e1n\u00ed ZO)<\/p>\n<p><strong>Rozpo\u010det obce Doubice<\/strong>: <a href=\"http:\/\/oudoubice.cz\/index.php\/2015\/04\/30\/navrh-rozpoctu-obce-doubice-na-rok-2015\/\">2015<\/a> (schv\u00e1len dne 25.05.2015 na 2. zased\u00e1n\u00ed ZO)<\/p>\n<p><strong>Rozpo\u010dtov\u00fd v\u00fdhled obce Doubice<\/strong> na roky <a href=\"http:\/\/oudoubice.cz\/wp-content\/uploads\/2016\/05\/rozpoctov\u00fd-v\u00fdhled-obce-Doubice-2016-az-2020.pdf\">2016 a\u017e 2020<\/a> (schv\u00e1len zastupitelstvem obce\u00a0dne 27.07.2015)<\/p>\n<p><strong>Rozpo\u010dtov\u00fd v\u00fdhled obce Doubice na roky <a href=\"http:\/\/oudoubice.cz\/wp-content\/uploads\/2019\/04\/rozpoctovy-vyhled-obce-Doubice-na-roky-2020-az-2024.pdf\">2020 a\u017e 2024<\/a><\/strong> (schv\u00e1len zastupitelstvem obce dne 17.12.2018)<\/p>\n","protected":false},"excerpt":{"rendered":"<p>Bankovn\u00ed spojen\u00ed: \u010cSOB, \u010d\u00edslo \u00fa\u010dtu: 101030436\/0300 P\u0159i bezhotovostn\u00edm platebn\u00edm styku pros\u00edm, abyste jako variabiln\u00ed symbol uv\u00e1d\u011bli popisn\u00e9 nebo eviden\u010dn\u00ed \u010d\u00edslo svoj\u00ed nemovitosti, abychom byli schopni platbu spr\u00e1vn\u011b p\u0159i\u0159adit. K L I K A C \u00cd\u00a0 R O Z P O \u010c E T\u00a0 OBCE DOUBICE Rozpo\u010det obce Doubice: 2026 (schv\u00e1len dne 24.11.2025 na 30. zased\u00e1n\u00ed [&hellip;]<\/p>\n","protected":false},"author":1,"featured_media":0,"parent":0,"menu_order":0,"comment_status":"closed","ping_status":"open","template":"","meta":{"_mi_skip_tracking":false,"_monsterinsights_sitenote_active":false,"_monsterinsights_sitenote_note":"","_monsterinsights_sitenote_category":0},"_links":{"self":[{"href":"https:\/\/oudoubice.cz\/index.php\/wp-json\/wp\/v2\/pages\/1213"}],"collection":[{"href":"https:\/\/oudoubice.cz\/index.php\/wp-json\/wp\/v2\/pages"}],"about":[{"href":"https:\/\/oudoubice.cz\/index.php\/wp-json\/wp\/v2\/types\/page"}],"author":[{"embeddable":true,"href":"https:\/\/oudoubice.cz\/index.php\/wp-json\/wp\/v2\/users\/1"}],"replies":[{"embeddable":true,"href":"https:\/\/oudoubice.cz\/index.php\/wp-json\/wp\/v2\/comments?post=1213"}],"version-history":[{"count":105,"href":"https:\/\/oudoubice.cz\/index.php\/wp-json\/wp\/v2\/pages\/1213\/revisions"}],"predecessor-version":[{"id":8656,"href":"https:\/\/oudoubice.cz\/index.php\/wp-json\/wp\/v2\/pages\/1213\/revisions\/8656"}],"wp:attachment":[{"href":"https:\/\/oudoubice.cz\/index.php\/wp-json\/wp\/v2\/media?parent=1213"}],"curies":[{"name":"wp","href":"https:\/\/api.w.org\/{rel}","templated":true}]}}